{"id":1916,"date":"2020-01-05T16:21:29","date_gmt":"2020-01-05T16:21:29","guid":{"rendered":"https:\/\/floristeriaunge.com\/politica-de-privacidad\/"},"modified":"2020-03-24T11:49:26","modified_gmt":"2020-03-24T11:49:26","slug":"politica-de-privacidad","status":"publish","type":"page","link":"https:\/\/floristeriaunge.com\/es\/politica-de-privacidad\/","title":{"rendered":"Pol\u00edtica de privacidad"},"content":{"rendered":"<p>[et_pb_section fb_built=\u00bb1&#8243; _builder_version=\u00bb3.29.3&#8243;][et_pb_row _builder_version=\u00bb3.29.3&#8243;][et_pb_column type=\u00bb4_4&#8243; _builder_version=\u00bb3.29.3&#8243;][et_pb_text _builder_version=\u00bb4.0.11&#8243; text_font=\u00bbOpen Sans||||||||\u00bb text_line_height=\u00bb1.6em\u00bb header_font=\u00bbMontserrat|800|||||||\u00bb header_font_size=\u00bb40px\u00bb header_2_font=\u00bbMontserrat|700|||||||\u00bb header_2_font_size=\u00bb28px\u00bb header_2_line_height=\u00bb1.4em\u00bb header_3_font=\u00bbMontserrat|600|||||||\u00bb header_3_line_height=\u00bb1.3em\u00bb header_4_font=\u00bbMontserrat|600|||||||\u00bb header_4_font_size=\u00bb20px\u00bb header_4_line_height=\u00bb1.2em\u00bb background_size=\u00bbinitial\u00bb background_position=\u00bbtop_left\u00bb background_repeat=\u00bbrepeat\u00bb text_font_size_tablet=\u00bb18px\u00bb text_font_size_phone=\u00bb16px\u00bb text_font_size_last_edited=\u00bbon|desktop\u00bb header_font_size_tablet=\u00bb\u00bb header_font_size_phone=\u00bb28px\u00bb header_font_size_last_edited=\u00bbon|desktop\u00bb header_2_font_size_tablet=\u00bb\u00bb header_2_font_size_phone=\u00bb22px\u00bb header_2_font_size_last_edited=\u00bbon|phone\u00bb header_3_font_size_tablet=\u00bb\u00bb header_3_font_size_phone=\u00bb20px\u00bb header_3_font_size_last_edited=\u00bbon|desktop\u00bb header_4_font_size_tablet=\u00bb\u00bb header_4_font_size_phone=\u00bb18px\u00bb header_4_font_size_last_edited=\u00bbon|phone\u00bb]<\/p>\n<h1>Pol\u00edtica de privacidad<\/h1>\n<h2>1. Informaci\u00f3n al usuario<\/h2>\n<h3>\u00bfQuie\u0301n es el responsable del tratamiento de tus datos personales?<\/h3>\n<p><strong>Eva Travesa Mariages<\/strong> es el RESPONSABLE del tratamiento de los datos personales del USUARIO y le informa que estos datos sera\u0301n tratados de conformidad con lo dispuesto en el Reglamento (UE) 2016\/679 de 27 de abril (GDPR) y la Ley Orga\u0301nica 3\/2018 de 5 de diciembre (LOPDGDD).<\/p>\n<h3>\u00bfPara que\u0301 tratamos tus datos personales?<\/h3>\n<p>Para mantener una relacio\u0301n comercial con el usuario. Las operaciones previstas para realizar el tratamiento son:<\/p>\n<p style=\"padding-left: 20px;\">\u2022Remisi\u00f3n de comunicaciones comerciales publicitarias por email, fax, SMS, MMS, redes sociales sociales o cualquier otro medio electr\u00f3nico o f\u00edsico, presente o futuro, que posibilite realizar comunicaciones comerciales. Estas comunicaciones ser\u00e1n realizadas por el RESPONSABLE y relacionadas sobre sus productos y servicios, o de sus colaboradores o proveedores con los que \u00e9ste haya alcanzado alg\u00fan acuerdo de promoci\u00f3n. En este caso, los terceros nunca tendr\u00e1n acceso a los datos personales.<br \/>\u2022Realizar estudios de mercado y an\u00e1lisis estad\u00edsticos.<br \/>\u2022Tramitar encargos, solicitudes, dar respuestas a las consultas o cualquier tipo de petici\u00f3n que sea realizada por el USUARIO a trav\u00e9s de cualquiera de las formas de contacto que se ponen a su disposici\u00f3n en la p\u00e1gina web del RESPONSABLE.<br \/>\u2022Remitir el bolet\u00edn informativo online, sobre novedades, ofertas y promociones en nuestra actividad.<\/p>\n<h3>\u00bfPor qu\u00e9 motivo podemos tratar tus datos personales?<\/h3>\n<p>Porque el tratamiento est\u00e1 legitimado por el art\u00edculo 6 del GDPR de la siguiente forma:<\/p>\n<p style=\"padding-left: 20px;\">Por el consentimiento del USUARIO: remisi\u00f3n de comunicaciones comerciales y el bolet\u00edn informativo.<br \/>Por inter\u00e9s leg\u00edtimo del RESPONSABLE: realizar estudios de mercado, an\u00e1lisis estad\u00edsticos, etc. y tramitar encargos, solicitudes, etc. a petici\u00f3n del USUARIO.<\/p>\n<h3>\u00bfDurante cu\u00e1nto tiempo guardaremos tus datos personales?<\/h3>\n<p>Durante no m\u00e1s tiempo del necesario para mantener el fin del tratamiento (incluyendo la obligaci\u00f3n de conservarlos durante los plazos de prescripci\u00f3n aplicables) y cuando ya no sean necesario para tal fin, se suprimir\u00e1n con medidas de seguridad adecuadas para garantizar la seudonimizaci\u00f3n de los datos o la destrucci\u00f3n total de los mismos.<\/p>\n<h3>\u00bfA qui\u00e9n facilitamos tus datos personales?<\/h3>\n<p>No est\u00e1 prevista ninguna comunicaci\u00f3n de datos personales a terceros salvo, si fuese necesario para el desarrollo y ejecuci\u00f3n de las finalidades del tratamiento, a nuestros proveedores de servicios relacionados con comunicaciones, con los cuales el RESPONSABLE tiene suscritos los contratos de confidencialidad y de encargado de tratamiento exigidos por la normativa vigente de privacidad.<\/p>\n<h3>\u00bfCu\u00e1les son tus derechos?<\/h3>\n<p>Los derechos que asisten al USUARIO son:<\/p>\n<p style=\"padding-left: 20px;\">Derecho a retirar el consentimiento en cualquier momento.<br \/>Derecho de acceso, rectificaci\u00f3n, portabilidad y supresi\u00f3n de sus datos y a la limitaci\u00f3n u oposici\u00f3n al su tratamiento.<br \/>Derecho a presentar una reclamaci\u00f3n ante la autoridad de control (www.aepd.es) si considera que el tratamiento no se ajusta a la normativa vigente.<\/p>\n<p>Datos de contacto para ejercer sus derechos:<\/p>\n<p style=\"padding-left: 20px;\"><strong>Eva Travesa Mariages<br \/>Passeig del Remei, 22<br \/>08460 Sta. Maria de Palautordera<br \/>Tel\u00e9fono 938 480 428<br \/>email:<a href=\"mailto:evatrave.travesa@gmail.com\" style=\"color: #5c5c5c;\"> evatrave.travesa@gmail.com<\/a><\/strong><\/p>\n<p>[\/et_pb_text][et_pb_text _builder_version=\u00bb4.0.11&#8243; text_font=\u00bbOpen Sans||||||||\u00bb text_line_height=\u00bb1.6em\u00bb header_font=\u00bbMontserrat|800|||||||\u00bb header_font_size=\u00bb40px\u00bb header_2_font=\u00bbMontserrat|700|||||||\u00bb header_2_font_size=\u00bb28px\u00bb header_2_line_height=\u00bb1.4em\u00bb header_3_font=\u00bbMontserrat|600|||||||\u00bb header_3_line_height=\u00bb1.3em\u00bb header_4_font=\u00bbMontserrat|600|||||||\u00bb header_4_font_size=\u00bb20px\u00bb header_4_line_height=\u00bb1.2em\u00bb background_size=\u00bbinitial\u00bb background_position=\u00bbtop_left\u00bb background_repeat=\u00bbrepeat\u00bb text_font_size_tablet=\u00bb18px\u00bb text_font_size_phone=\u00bb16px\u00bb text_font_size_last_edited=\u00bbon|desktop\u00bb header_font_size_tablet=\u00bb\u00bb header_font_size_phone=\u00bb28px\u00bb header_font_size_last_edited=\u00bbon|desktop\u00bb header_2_font_size_tablet=\u00bb\u00bb header_2_font_size_phone=\u00bb22px\u00bb header_2_font_size_last_edited=\u00bbon|phone\u00bb header_3_font_size_tablet=\u00bb\u00bb header_3_font_size_phone=\u00bb20px\u00bb header_3_font_size_last_edited=\u00bbon|desktop\u00bb header_4_font_size_tablet=\u00bb\u00bb header_4_font_size_phone=\u00bb18px\u00bb header_4_font_size_last_edited=\u00bbon|phone\u00bb]<\/p>\n<h2>2. Car\u00e1cter obligatorio o facultativo de la informaci\u00f3n facilitada por el usuario<\/h2>\n<p>Los USUARIOS, mediante la marcaci\u00f3n de las casillas correspondientes y entrada de datos en los campos, marcados con un asterisco (*) en el formulario de contacto o presentados en formularios de descarga, aceptan expresamente y de forma libre e inequ\u00edvoca, que sus datos son necesarios para atender su petici\u00f3n, por parte del prestador, siendo voluntaria la inclusi\u00f3n de datos en los campos restantes. El USUARIO garantiza que los datos personales facilitados al RESPONSABLE son veraces y se hace responsable de comunicar cualquier modificaci\u00f3n de los mismos.<\/p>\n<p>El RESPONSABLE informa que todos los datos solicitados a trav\u00e9s del sitio web son obligatorios, ya que son necesarios para la prestaci\u00f3n de un servicio \u00f3ptimo al USUARIO. En caso de que no sean facilitados todos los datos, no se garantiza que la informaci\u00f3n y servicios facilitados sean completamente ajustados a sus necesidades.<\/p>\n<h2>3. Medidas de seguridad<\/h2>\n<p>Que de conformidad con lo dispuesto en las normativas vigentes en protecci\u00f3n de datos personales, el RESPONSABLE est\u00e1 cumpliendo con todas las disposiciones de las normativas GDPR y LOPDGDD para el tratamiento de los datos personales de su responsabilidad, y manifiestamente con los principios descritos en el art\u00edculo 5 del GDPR, por los cuales son tratados de manera l\u00edcita, leal y transparente en relaci\u00f3n con el interesado y adecuados, pertinentes y limitados a lo necesario en relaci\u00f3n con los fines para los que son tratados.<\/p>\n<p>El RESPONSABLE garantiza que ha implementado pol\u00edticas t\u00e9cnicas y organizativas apropiadas para aplicar las medidas de seguridad que establecen el GDPR y la LOPDGDD con el fin de proteger los derechos y libertades de los USUARIOS y les ha comunicado la informaci\u00f3n adecuada para que puedan ejercerlos.<\/p>\n<p>Para m\u00e1s informaci\u00f3n sobre las garant\u00edas de privacidad, puedes dirigirte al RESPONSABLE:<\/p>\n<p style=\"padding-left:20px;\"><strong>Eva Travesa Mariages<br \/>Passeig del Remei, 22<br \/>08460 Sta. Maria de Palautordera<br \/>Tel\u00e9fono 938 480 428<br \/>email:<a href=\"mailto:evatrave.travesa@gmail.com\" style=\"color: #5c5c5c;\"> evatrave.travesa@gmail.com<\/a><\/p>\n<p>[\/et_pb_text][\/et_pb_column][\/et_pb_row][\/et_pb_section]<\/p>\n","protected":false},"excerpt":{"rendered":"<p>Pol\u00edtica de privacidad 1. Informaci\u00f3n al usuario \u00bfQuie\u0301n es el responsable del tratamiento de tus datos personales? Eva Travesa Mariages es el RESPONSABLE del tratamiento de los datos personales del USUARIO y le informa que estos datos sera\u0301n tratados de conformidad con lo dispuesto en el Reglamento (UE) 2016\/679 de 27 de abril (GDPR) y [&hellip;]<\/p>\n","protected":false},"author":1,"featured_media":0,"parent":0,"menu_order":0,"comment_status":"closed","ping_status":"closed","template":"","meta":{"_et_pb_use_builder":"on","_et_pb_old_content":"<h2>Qui\u00e9nes somos<\/h2>\r\nLa direcci\u00f3n de nuestra web es: https:\/\/floristeriaunge.com.\r\n<h2>Qu\u00e9 datos personales recogemos y por qu\u00e9 los recogemos<\/h2>\r\n<h3>Comentarios<\/h3>\r\nCuando los visitantes dejan comentarios en la web, recopilamos los datos que se muestran en el formulario de comentarios, as\u00ed como la direcci\u00f3n IP del visitante y la cadena de agentes de usuario del navegador para ayudar a la detecci\u00f3n de spam.\r\n\r\nUna cadena an\u00f3nima creada a partir de tu direcci\u00f3n de correo electr\u00f3nico (tambi\u00e9n llamada hash) puede ser proporcionada al servicio de Gravatar para ver si la est\u00e1s usando. La pol\u00edtica de privacidad del servicio Gravatar est\u00e1 disponible aqu\u00ed: https:\/\/automattic.com\/privacy\/. Despu\u00e9s de la aprobaci\u00f3n de tu comentario, la imagen de tu perfil es visible para el p\u00fablico en el contexto de su comentario.\r\n<h3>Medios<\/h3>\r\nSi subes im\u00e1genes a la web deber\u00edas evitar subir im\u00e1genes con datos de ubicaci\u00f3n (GPS EXIF) incluidos. Los visitantes de la web pueden descargar y extraer cualquier dato de localizaci\u00f3n de las im\u00e1genes de la web.\r\n<h3>Formularios de contacto<\/h3>\r\n<h3>Cookies<\/h3>\r\nSi dejas un comentario en nuestro sitio puedes elegir guardar tu nombre, direcci\u00f3n de correo electr\u00f3nico y web en cookies. Esto es para tu comodidad, para que no tengas que volver a rellenar tus datos cuando dejes otro comentario. Estas cookies tendr\u00e1n una duraci\u00f3n de un a\u00f1o.\r\n\r\nSi tienes una cuenta y te conectas a este sitio, instalaremos una cookie temporal para determinar si tu navegador acepta cookies. Esta cookie no contiene datos personales y se elimina al cerrar el navegador.\r\n\r\nCuando inicias sesi\u00f3n, tambi\u00e9n instalaremos varias cookies para guardar tu informaci\u00f3n de inicio de sesi\u00f3n y tus opciones de visualizaci\u00f3n de pantalla. Las cookies de inicio de sesi\u00f3n duran dos d\u00edas, y las cookies de opciones de pantalla duran un a\u00f1o. Si seleccionas \"Recordarme\", tu inicio de sesi\u00f3n perdurar\u00e1 durante dos semanas. Si sales de tu cuenta, las cookies de inicio de sesi\u00f3n se eliminar\u00e1n.\r\n\r\nSi editas o publicas un art\u00edculo se guardar\u00e1 una cookie adicional en tu navegador. Esta cookie no incluye datos personales y simplemente indica el ID del art\u00edculo que acabas de editar. Caduca despu\u00e9s de 1 d\u00eda.\r\n<h3>Contenido incrustado de otros sitios web<\/h3>\r\nLos art\u00edculos de este sitio pueden incluir contenido incrustado (por ejemplo, v\u00eddeos, im\u00e1genes, art\u00edculos, etc.). El contenido incrustado de otras web se comporta exactamente de la misma manera que si el visitante hubiera visitado la otra web.\r\n\r\nEstas web pueden recopilar datos sobre ti, utilizar cookies, incrustar un seguimiento adicional de terceros, y supervisar tu interacci\u00f3n con ese contenido incrustado, incluido el seguimiento de tu interacci\u00f3n con el contenido incrustado si tienes una cuenta y est\u00e1s conectado a esa web.\r\n<h3>Anal\u00edtica<\/h3>\r\n<h2>Con qui\u00e9n compartimos tus datos<\/h2>\r\n<h2>Cu\u00e1nto tiempo conservamos tus datos<\/h2>\r\nSi dejas un comentario, el comentario y sus metadatos se conservan indefinidamente. Esto es para que podamos reconocer y aprobar comentarios sucesivos autom\u00e1ticamente en lugar de mantenerlos en una cola de moderaci\u00f3n.\r\n\r\nDe los usuarios que se registran en nuestra web (si los hay), tambi\u00e9n almacenamos la informaci\u00f3n personal que proporcionan en su perfil de usuario. Todos los usuarios pueden ver, editar o eliminar su informaci\u00f3n personal en cualquier momento (excepto que no pueden cambiar su nombre de usuario). Los administradores de la web tambi\u00e9n pueden ver y editar esa informaci\u00f3n.\r\n<h2>Qu\u00e9 derechos tienes sobre tus datos<\/h2>\r\nSi tienes una cuenta o has dejado comentarios en esta web, puedes solicitar recibir un archivo de exportaci\u00f3n de los datos personales que tenemos sobre ti, incluyendo cualquier dato que nos hayas proporcionado. Tambi\u00e9n puedes solicitar que eliminemos cualquier dato personal que tengamos sobre ti. Esto no incluye ning\u00fan dato que estemos obligados a conservar con fines administrativos, legales o de seguridad.\r\n<h2>D\u00f3nde enviamos tus datos<\/h2>\r\nLos comentarios de los visitantes puede que los revise un servicio de detecci\u00f3n autom\u00e1tica de spam.\r\n<h2>Tu informaci\u00f3n de contacto<\/h2>\r\n<h2>Informaci\u00f3n adicional<\/h2>\r\n<h3>C\u00f3mo protegemos tus datos<\/h3>\r\n<h3>Qu\u00e9 procedimientos utilizamos contra las brechas de datos<\/h3>\r\n<h3>De qu\u00e9 terceros recibimos datos<\/h3>\r\n<h3>Qu\u00e9 tipo de toma de decisiones automatizada y\/o perfilado hacemos con los datos del usuario<\/h3>\r\n<h3>Requerimientos regulatorios de revelaci\u00f3n de informaci\u00f3n del sector<\/h3>","_et_gb_content_width":"","footnotes":""},"class_list":["post-1916","page","type-page","status-publish","hentry"],"yoast_head":"<!-- This site is optimized with the Yoast SEO plugin v26.4 - https:\/\/yoast.com\/wordpress\/plugins\/seo\/ -->\n<title>Pol\u00edtica de privacidad - Floristeria Ca l&#039;Ung\u00e9<\/title>\n<meta name=\"robots\" content=\"noindex, nofollow\" \/>\n<meta property=\"og:locale\" content=\"es_ES\" \/>\n<meta property=\"og:type\" content=\"article\" \/>\n<meta property=\"og:title\" content=\"Pol\u00edtica de privacidad - Floristeria Ca l&#039;Ung\u00e9\" \/>\n<meta property=\"og:description\" content=\"Pol\u00edtica de privacidad 1. Informaci\u00f3n al usuario \u00bfQuie\u0301n es el responsable del tratamiento de tus datos personales? Eva Travesa Mariages es el RESPONSABLE del tratamiento de los datos personales del USUARIO y le informa que estos datos sera\u0301n tratados de conformidad con lo dispuesto en el Reglamento (UE) 2016\/679 de 27 de abril (GDPR) y [&hellip;]\" \/>\n<meta property=\"og:url\" content=\"https:\/\/floristeriaunge.com\/es\/politica-de-privacidad\/\" \/>\n<meta property=\"og:site_name\" content=\"Floristeria Ca l&#039;Ung\u00e9\" \/>\n<meta property=\"article:modified_time\" content=\"2020-03-24T11:49:26+00:00\" \/>\n<meta name=\"twitter:card\" content=\"summary_large_image\" \/>\n<meta name=\"twitter:label1\" content=\"Tiempo de lectura\" \/>\n\t<meta name=\"twitter:data1\" content=\"6 minutos\" \/>\n<script type=\"application\/ld+json\" class=\"yoast-schema-graph\">{\"@context\":\"https:\/\/schema.org\",\"@graph\":[{\"@type\":\"WebPage\",\"@id\":\"https:\/\/floristeriaunge.com\/es\/politica-de-privacidad\/\",\"url\":\"https:\/\/floristeriaunge.com\/es\/politica-de-privacidad\/\",\"name\":\"Pol\u00edtica de privacidad - Floristeria Ca l&#039;Ung\u00e9\",\"isPartOf\":{\"@id\":\"https:\/\/floristeriaunge.com\/es\/#website\"},\"datePublished\":\"2020-01-05T16:21:29+00:00\",\"dateModified\":\"2020-03-24T11:49:26+00:00\",\"breadcrumb\":{\"@id\":\"https:\/\/floristeriaunge.com\/es\/politica-de-privacidad\/#breadcrumb\"},\"inLanguage\":\"es\",\"potentialAction\":[{\"@type\":\"ReadAction\",\"target\":[\"https:\/\/floristeriaunge.com\/es\/politica-de-privacidad\/\"]}]},{\"@type\":\"BreadcrumbList\",\"@id\":\"https:\/\/floristeriaunge.com\/es\/politica-de-privacidad\/#breadcrumb\",\"itemListElement\":[{\"@type\":\"ListItem\",\"position\":1,\"name\":\"Inici\",\"item\":\"https:\/\/floristeriaunge.com\/es\/\"},{\"@type\":\"ListItem\",\"position\":2,\"name\":\"Pol\u00edtica de privacidad\"}]},{\"@type\":\"WebSite\",\"@id\":\"https:\/\/floristeriaunge.com\/es\/#website\",\"url\":\"https:\/\/floristeriaunge.com\/es\/\",\"name\":\"Floristeria Ca l&#039;Ung\u00e9\",\"description\":\"Tu florister\u00eda en Santa Mar\u00eda de Palautordera\",\"potentialAction\":[{\"@type\":\"SearchAction\",\"target\":{\"@type\":\"EntryPoint\",\"urlTemplate\":\"https:\/\/floristeriaunge.com\/es\/?s={search_term_string}\"},\"query-input\":{\"@type\":\"PropertyValueSpecification\",\"valueRequired\":true,\"valueName\":\"search_term_string\"}}],\"inLanguage\":\"es\"}]}<\/script>\n<!-- \/ Yoast SEO plugin. -->","yoast_head_json":{"title":"Pol\u00edtica de privacidad - Floristeria Ca l&#039;Ung\u00e9","robots":{"index":"noindex","follow":"nofollow"},"og_locale":"es_ES","og_type":"article","og_title":"Pol\u00edtica de privacidad - Floristeria Ca l&#039;Ung\u00e9","og_description":"Pol\u00edtica de privacidad 1. Informaci\u00f3n al usuario \u00bfQuie\u0301n es el responsable del tratamiento de tus datos personales? Eva Travesa Mariages es el RESPONSABLE del tratamiento de los datos personales del USUARIO y le informa que estos datos sera\u0301n tratados de conformidad con lo dispuesto en el Reglamento (UE) 2016\/679 de 27 de abril (GDPR) y [&hellip;]","og_url":"https:\/\/floristeriaunge.com\/es\/politica-de-privacidad\/","og_site_name":"Floristeria Ca l&#039;Ung\u00e9","article_modified_time":"2020-03-24T11:49:26+00:00","twitter_card":"summary_large_image","twitter_misc":{"Tiempo de lectura":"6 minutos"},"schema":{"@context":"https:\/\/schema.org","@graph":[{"@type":"WebPage","@id":"https:\/\/floristeriaunge.com\/es\/politica-de-privacidad\/","url":"https:\/\/floristeriaunge.com\/es\/politica-de-privacidad\/","name":"Pol\u00edtica de privacidad - Floristeria Ca l&#039;Ung\u00e9","isPartOf":{"@id":"https:\/\/floristeriaunge.com\/es\/#website"},"datePublished":"2020-01-05T16:21:29+00:00","dateModified":"2020-03-24T11:49:26+00:00","breadcrumb":{"@id":"https:\/\/floristeriaunge.com\/es\/politica-de-privacidad\/#breadcrumb"},"inLanguage":"es","potentialAction":[{"@type":"ReadAction","target":["https:\/\/floristeriaunge.com\/es\/politica-de-privacidad\/"]}]},{"@type":"BreadcrumbList","@id":"https:\/\/floristeriaunge.com\/es\/politica-de-privacidad\/#breadcrumb","itemListElement":[{"@type":"ListItem","position":1,"name":"Inici","item":"https:\/\/floristeriaunge.com\/es\/"},{"@type":"ListItem","position":2,"name":"Pol\u00edtica de privacidad"}]},{"@type":"WebSite","@id":"https:\/\/floristeriaunge.com\/es\/#website","url":"https:\/\/floristeriaunge.com\/es\/","name":"Floristeria Ca l&#039;Ung\u00e9","description":"Tu florister\u00eda en Santa Mar\u00eda de Palautordera","potentialAction":[{"@type":"SearchAction","target":{"@type":"EntryPoint","urlTemplate":"https:\/\/floristeriaunge.com\/es\/?s={search_term_string}"},"query-input":{"@type":"PropertyValueSpecification","valueRequired":true,"valueName":"search_term_string"}}],"inLanguage":"es"}]}},"_links":{"self":[{"href":"https:\/\/floristeriaunge.com\/es\/wp-json\/wp\/v2\/pages\/1916","targetHints":{"allow":["GET"]}}],"collection":[{"href":"https:\/\/floristeriaunge.com\/es\/wp-json\/wp\/v2\/pages"}],"about":[{"href":"https:\/\/floristeriaunge.com\/es\/wp-json\/wp\/v2\/types\/page"}],"author":[{"embeddable":true,"href":"https:\/\/floristeriaunge.com\/es\/wp-json\/wp\/v2\/users\/1"}],"replies":[{"embeddable":true,"href":"https:\/\/floristeriaunge.com\/es\/wp-json\/wp\/v2\/comments?post=1916"}],"version-history":[{"count":0,"href":"https:\/\/floristeriaunge.com\/es\/wp-json\/wp\/v2\/pages\/1916\/revisions"}],"wp:attachment":[{"href":"https:\/\/floristeriaunge.com\/es\/wp-json\/wp\/v2\/media?parent=1916"}],"curies":[{"name":"wp","href":"https:\/\/api.w.org\/{rel}","templated":true}]}}